{"id":560,"date":"2024-03-29T15:04:01","date_gmt":"2024-03-29T14:04:01","guid":{"rendered":"https:\/\/kabellion.net\/?page_id=560"},"modified":"2025-09-11T11:39:51","modified_gmt":"2025-09-11T09:39:51","slug":"articles","status":"publish","type":"page","link":"https:\/\/kabellion.net\/index.php\/articles\/","title":{"rendered":"Articles"},"content":{"rendered":"\t\t<div data-elementor-type=\"wp-page\" data-elementor-id=\"560\" class=\"elementor elementor-560\" data-elementor-post-type=\"page\">\n\t\t\t\t\t\t<section class=\"elementor-section elementor-top-section elementor-element elementor-element-a9f8290 elementor-section-boxed elementor-section-height-default elementor-section-height-default\" data-id=\"a9f8290\" data-element_type=\"section\" data-e-type=\"section\">\n\t\t\t\t\t\t<div class=\"elementor-container elementor-column-gap-default\">\n\t\t\t\t\t<div class=\"elementor-column elementor-col-100 elementor-top-column elementor-element elementor-element-260d9c2\" data-id=\"260d9c2\" data-element_type=\"column\" data-e-type=\"column\">\n\t\t\t<div class=\"elementor-widget-wrap elementor-element-populated\">\n\t\t\t\t\t\t<div class=\"elementor-element elementor-element-1271a0e elementor-widget elementor-widget-spacer\" data-id=\"1271a0e\" data-element_type=\"widget\" data-e-type=\"widget\" data-widget_type=\"spacer.default\">\n\t\t\t\t<div class=\"elementor-widget-container\">\n\t\t\t\t\t\t\t<div class=\"elementor-spacer\">\n\t\t\t<div class=\"elementor-spacer-inner\"><\/div>\n\t\t<\/div>\n\t\t\t\t\t\t<\/div>\n\t\t\t\t<\/div>\n\t\t\t\t\t<\/div>\n\t\t<\/div>\n\t\t\t\t\t<\/div>\n\t\t<\/section>\n\t\t\t\t<section class=\"elementor-section elementor-top-section elementor-element elementor-element-6c93c5d elementor-section-boxed elementor-section-height-default elementor-section-height-default\" data-id=\"6c93c5d\" data-element_type=\"section\" data-e-type=\"section\">\n\t\t\t\t\t\t<div class=\"elementor-container elementor-column-gap-default\">\n\t\t\t\t\t<div class=\"elementor-column elementor-col-100 elementor-top-column elementor-element elementor-element-805658f\" data-id=\"805658f\" data-element_type=\"column\" data-e-type=\"column\">\n\t\t\t<div class=\"elementor-widget-wrap elementor-element-populated\">\n\t\t\t\t\t\t<div class=\"elementor-element elementor-element-ad297e8 elementor-widget elementor-widget-heading\" data-id=\"ad297e8\" data-element_type=\"widget\" data-e-type=\"widget\" data-widget_type=\"heading.default\">\n\t\t\t\t<div class=\"elementor-widget-container\">\n\t\t\t\t\t<h2 class=\"elementor-heading-title elementor-size-default\">Conf\u00e9rences et visites pass\u00e9es<\/h2>\t\t\t\t<\/div>\n\t\t\t\t<\/div>\n\t\t\t\t<div class=\"elementor-element elementor-element-7140fab elementor-widget elementor-widget-spacer\" data-id=\"7140fab\" data-element_type=\"widget\" data-e-type=\"widget\" data-widget_type=\"spacer.default\">\n\t\t\t\t<div class=\"elementor-widget-container\">\n\t\t\t\t\t\t\t<div class=\"elementor-spacer\">\n\t\t\t<div class=\"elementor-spacer-inner\"><\/div>\n\t\t<\/div>\n\t\t\t\t\t\t<\/div>\n\t\t\t\t<\/div>\n\t\t\t\t<div class=\"elementor-element elementor-element-ba175ef elementor-grid-eael-col-3 elementor-grid-tablet-eael-col-2 elementor-grid-mobile-eael-col-1 elementor-widget elementor-widget-eael-post-grid\" data-id=\"ba175ef\" data-element_type=\"widget\" data-e-type=\"widget\" data-settings=\"{&quot;eael_post_grid_columns&quot;:&quot;eael-col-3&quot;,&quot;eael_post_grid_columns_tablet&quot;:&quot;eael-col-2&quot;,&quot;eael_post_grid_columns_mobile&quot;:&quot;eael-col-1&quot;}\" data-widget_type=\"eael-post-grid.default\">\n\t\t\t\t<div class=\"elementor-widget-container\">\n\t\t\t\t\t<div id=\"eael-post-grid-ba175ef\" class=\"eael-post-grid-container\">\n            <div class=\"eael-post-grid eael-post-appender eael-post-appender-ba175ef eael-post-grid-style-one\" data-layout-mode=\"grid\"><article class=\"eael-grid-post  eael-post-grid-column eael-pg-post-1352 category-evenements\" data-id=\"1352\">\n        <div class=\"eael-grid-post-holder\">\n            <div class=\"eael-grid-post-holder-inner\"><div class=\"eael-entry-media\"><div class=\"eael-entry-overlay fade-in\"><i class=\"fas fa-long-arrow-alt-right\" aria-hidden=\"true\"><\/i><a href=\"https:\/\/kabellion.net\/index.php\/2025\/10\/28\/25-10-2025-le-musee-de-la-romanite-a-nimes\/\"><\/a><\/div><div class=\"eael-entry-thumbnail \">\n                <img decoding=\"async\" width=\"1\" height=\"1\" src=\"https:\/\/kabellion.net\/wp-content\/uploads\/2025\/10\/Musee-de-la-Romanite-2025.jpg\" class=\"attachment-large size-large wp-image-1366\" alt=\"\" \/>\n            <\/div>\n        <\/div><div class=\"eael-entry-wrapper\"><header class=\"eael-entry-header\"><h2 class=\"eael-entry-title\"><a class=\"eael-grid-post-link\" href=\"https:\/\/kabellion.net\/index.php\/2025\/10\/28\/25-10-2025-le-musee-de-la-romanite-a-nimes\/\" title=\"25\/10\/2025 &#8211; Le mus\u00e9e de la Romanit\u00e9 \u00e0 N\u00eemes\">25\/10\/2025 &#8211; Le mus\u00e9e de la Romanit\u00e9 \u00e0 N\u00eemes<\/a><\/h2><\/header><div class=\"eael-entry-content\">\n                        <div class=\"eael-grid-post-excerpt\"><a href=\"https:\/\/kabellion.net\/index.php\/2025\/10\/28\/25-10-2025-le-musee-de-la-romanite-a-nimes\/\" class=\"eael-post-elements-readmore-btn\">Lire l'article<\/a><\/div>\n                    <\/div><\/div><\/div>\n        <\/div>\n    <\/article><article class=\"eael-grid-post  eael-post-grid-column eael-pg-post-1303 category-evenements\" data-id=\"1303\">\n        <div class=\"eael-grid-post-holder\">\n            <div class=\"eael-grid-post-holder-inner\"><div class=\"eael-entry-media\"><div class=\"eael-entry-overlay fade-in\"><i class=\"fas fa-long-arrow-alt-right\" aria-hidden=\"true\"><\/i><a href=\"https:\/\/kabellion.net\/index.php\/2025\/10\/06\/14-09-2025-lexposition-cezanne-a-aix-en-provence\/\"><\/a><\/div><div class=\"eael-entry-thumbnail \">\n                <img fetchpriority=\"high\" decoding=\"async\" width=\"509\" height=\"382\" src=\"https:\/\/kabellion.net\/wp-content\/uploads\/2025\/09\/Cezanne-Aix-en-Provence-2025-e1759764789978.jpg\" class=\"attachment-large size-large wp-image-1184\" alt=\"Ce\u0301zanne Aix en Provence 2025\" srcset=\"https:\/\/kabellion.net\/wp-content\/uploads\/2025\/09\/Cezanne-Aix-en-Provence-2025-e1759764789978.jpg 509w, https:\/\/kabellion.net\/wp-content\/uploads\/2025\/09\/Cezanne-Aix-en-Provence-2025-e1759764789978-300x225.jpg 300w\" sizes=\"(max-width: 509px) 100vw, 509px\" \/>\n            <\/div>\n        <\/div><div class=\"eael-entry-wrapper\"><header class=\"eael-entry-header\"><h2 class=\"eael-entry-title\"><a class=\"eael-grid-post-link\" href=\"https:\/\/kabellion.net\/index.php\/2025\/10\/06\/14-09-2025-lexposition-cezanne-a-aix-en-provence\/\" title=\"14\/09\/2025 &#8211; Visite de l&rsquo;exposition C\u00e9zanne \u00e0 Aix-en-Provence\">14\/09\/2025 &#8211; Visite de l&rsquo;exposition C\u00e9zanne \u00e0 Aix-en-Provence<\/a><\/h2><\/header><div class=\"eael-entry-content\">\n                        <div class=\"eael-grid-post-excerpt\"><a href=\"https:\/\/kabellion.net\/index.php\/2025\/10\/06\/14-09-2025-lexposition-cezanne-a-aix-en-provence\/\" class=\"eael-post-elements-readmore-btn\">Lire l'article<\/a><\/div>\n                    <\/div><\/div><\/div>\n        <\/div>\n    <\/article><article class=\"eael-grid-post  eael-post-grid-column eael-pg-post-916 category-evenements\" data-id=\"916\">\n        <div class=\"eael-grid-post-holder\">\n            <div class=\"eael-grid-post-holder-inner\"><div class=\"eael-entry-media\"><div class=\"eael-entry-overlay fade-in\"><i class=\"fas fa-long-arrow-alt-right\" aria-hidden=\"true\"><\/i><a href=\"https:\/\/kabellion.net\/index.php\/2024\/09\/18\/15-09-2024-le-chateau-davignon-en-camargue\/\"><\/a><\/div><div class=\"eael-entry-thumbnail \">\n                <img decoding=\"async\" width=\"1024\" height=\"768\" src=\"https:\/\/kabellion.net\/wp-content\/uploads\/2024\/09\/visite-du-chateau-davignon-en-camargue.png\" class=\"attachment-large size-large wp-image-917\" alt=\"visite du cha\u0302teau d&#039;avignon en camargue\" srcset=\"https:\/\/kabellion.net\/wp-content\/uploads\/2024\/09\/visite-du-chateau-davignon-en-camargue.png 4000w, https:\/\/kabellion.net\/wp-content\/uploads\/2024\/09\/visite-du-chateau-davignon-en-camargue-300x225.png 300w\" sizes=\"(max-width: 1024px) 100vw, 1024px\" \/>\n            <\/div>\n        <\/div><div class=\"eael-entry-wrapper\"><header class=\"eael-entry-header\"><h2 class=\"eael-entry-title\"><a class=\"eael-grid-post-link\" href=\"https:\/\/kabellion.net\/index.php\/2024\/09\/18\/15-09-2024-le-chateau-davignon-en-camargue\/\" title=\"15\/09\/2024 &#8211; Le ch\u00e2teau d&rsquo;Avignon en Camargue\">15\/09\/2024 &#8211; Le ch\u00e2teau d&rsquo;Avignon en Camargue<\/a><\/h2><\/header><div class=\"eael-entry-content\">\n                        <div class=\"eael-grid-post-excerpt\"><a href=\"https:\/\/kabellion.net\/index.php\/2024\/09\/18\/15-09-2024-le-chateau-davignon-en-camargue\/\" class=\"eael-post-elements-readmore-btn\">Lire l'article<\/a><\/div>\n                    <\/div><\/div><\/div>\n        <\/div>\n    <\/article><article class=\"eael-grid-post  eael-post-grid-column eael-pg-post-906 category-evenements\" data-id=\"906\">\n        <div class=\"eael-grid-post-holder\">\n            <div class=\"eael-grid-post-holder-inner\"><div class=\"eael-entry-media\"><div class=\"eael-entry-overlay fade-in\"><i class=\"fas fa-long-arrow-alt-right\" aria-hidden=\"true\"><\/i><a href=\"https:\/\/kabellion.net\/index.php\/2024\/09\/18\/25-08-2024-exposition-peintre-jean-daret\/\"><\/a><\/div><div class=\"eael-entry-thumbnail \">\n                <img loading=\"lazy\" decoding=\"async\" width=\"1024\" height=\"768\" src=\"https:\/\/kabellion.net\/wp-content\/uploads\/2024\/09\/jean-daret-peintre.png\" class=\"attachment-large size-large wp-image-907\" alt=\"jean daret peintre exposition\" \/>\n            <\/div>\n        <\/div><div class=\"eael-entry-wrapper\"><header class=\"eael-entry-header\"><h2 class=\"eael-entry-title\"><a class=\"eael-grid-post-link\" href=\"https:\/\/kabellion.net\/index.php\/2024\/09\/18\/25-08-2024-exposition-peintre-jean-daret\/\" title=\"25\/08\/2024 &#8211; Exposition : Peintre Jean Daret\">25\/08\/2024 &#8211; Exposition : Peintre Jean Daret<\/a><\/h2><\/header><div class=\"eael-entry-content\">\n                        <div class=\"eael-grid-post-excerpt\"><a href=\"https:\/\/kabellion.net\/index.php\/2024\/09\/18\/25-08-2024-exposition-peintre-jean-daret\/\" class=\"eael-post-elements-readmore-btn\">Lire l'article<\/a><\/div>\n                    <\/div><\/div><\/div>\n        <\/div>\n    <\/article><article class=\"eael-grid-post  eael-post-grid-column eael-pg-post-900 category-evenements\" data-id=\"900\">\n        <div class=\"eael-grid-post-holder\">\n            <div class=\"eael-grid-post-holder-inner\"><div class=\"eael-entry-media\"><div class=\"eael-entry-overlay fade-in\"><i class=\"fas fa-long-arrow-alt-right\" aria-hidden=\"true\"><\/i><a href=\"https:\/\/kabellion.net\/index.php\/2024\/09\/18\/18-08-2024-les-flutistes-de-vienne\/\"><\/a><\/div><div class=\"eael-entry-thumbnail \">\n                <img loading=\"lazy\" decoding=\"async\" width=\"1024\" height=\"768\" src=\"https:\/\/kabellion.net\/wp-content\/uploads\/2024\/09\/les-flutistes-de-vienne-apt-1024x768.png\" class=\"attachment-large size-large wp-image-902\" alt=\"les flutistes de vienne apt\" srcset=\"https:\/\/kabellion.net\/wp-content\/uploads\/2024\/09\/les-flutistes-de-vienne-apt-1024x768.png 1024w, https:\/\/kabellion.net\/wp-content\/uploads\/2024\/09\/les-flutistes-de-vienne-apt-300x225.png 300w, https:\/\/kabellion.net\/wp-content\/uploads\/2024\/09\/les-flutistes-de-vienne-apt-768x576.png 768w, https:\/\/kabellion.net\/wp-content\/uploads\/2024\/09\/les-flutistes-de-vienne-apt-1536x1152.png 1536w, https:\/\/kabellion.net\/wp-content\/uploads\/2024\/09\/les-flutistes-de-vienne-apt-2048x1536.png 2048w\" sizes=\"(max-width: 1024px) 100vw, 1024px\" \/>\n            <\/div>\n        <\/div><div class=\"eael-entry-wrapper\"><header class=\"eael-entry-header\"><h2 class=\"eael-entry-title\"><a class=\"eael-grid-post-link\" href=\"https:\/\/kabellion.net\/index.php\/2024\/09\/18\/18-08-2024-les-flutistes-de-vienne\/\" title=\"18\/08\/2024 &#8211; Les flutistes de Vienne\">18\/08\/2024 &#8211; Les flutistes de Vienne<\/a><\/h2><\/header><div class=\"eael-entry-content\">\n                        <div class=\"eael-grid-post-excerpt\"><a href=\"https:\/\/kabellion.net\/index.php\/2024\/09\/18\/18-08-2024-les-flutistes-de-vienne\/\" class=\"eael-post-elements-readmore-btn\">Lire l'article<\/a><\/div>\n                    <\/div><\/div><\/div>\n        <\/div>\n    <\/article><article class=\"eael-grid-post  eael-post-grid-column eael-pg-post-886 category-evenements\" data-id=\"886\">\n        <div class=\"eael-grid-post-holder\">\n            <div class=\"eael-grid-post-holder-inner\"><div class=\"eael-entry-media\"><div class=\"eael-entry-overlay fade-in\"><i class=\"fas fa-long-arrow-alt-right\" aria-hidden=\"true\"><\/i><a href=\"https:\/\/kabellion.net\/index.php\/2024\/09\/17\/09-2024-bulletin-patrimoine-culture-2eme-semestre\/\"><\/a><\/div><div class=\"eael-entry-thumbnail \">\n                <img loading=\"lazy\" decoding=\"async\" width=\"1024\" height=\"768\" src=\"https:\/\/kabellion.net\/wp-content\/uploads\/2024\/09\/bulletin-patrimoine-et-culture-2024-1024x768.png\" class=\"attachment-large size-large wp-image-888\" alt=\"bulletin patrimoine et culture 2024\" srcset=\"https:\/\/kabellion.net\/wp-content\/uploads\/2024\/09\/bulletin-patrimoine-et-culture-2024-1024x768.png 1024w, https:\/\/kabellion.net\/wp-content\/uploads\/2024\/09\/bulletin-patrimoine-et-culture-2024-300x225.png 300w, https:\/\/kabellion.net\/wp-content\/uploads\/2024\/09\/bulletin-patrimoine-et-culture-2024-768x576.png 768w, https:\/\/kabellion.net\/wp-content\/uploads\/2024\/09\/bulletin-patrimoine-et-culture-2024-1536x1152.png 1536w, https:\/\/kabellion.net\/wp-content\/uploads\/2024\/09\/bulletin-patrimoine-et-culture-2024-2048x1536.png 2048w\" sizes=\"(max-width: 1024px) 100vw, 1024px\" \/>\n            <\/div>\n        <\/div><div class=\"eael-entry-wrapper\"><header class=\"eael-entry-header\"><h2 class=\"eael-entry-title\"><a class=\"eael-grid-post-link\" href=\"https:\/\/kabellion.net\/index.php\/2024\/09\/17\/09-2024-bulletin-patrimoine-culture-2eme-semestre\/\" title=\"09\/2024 &#8211; Bulletin \u00ab\u00a0Patrimoine &amp; Culture\u00a0\u00bb, 2\u00e8me semestre\">09\/2024 &#8211; Bulletin \u00ab\u00a0Patrimoine &amp; Culture\u00a0\u00bb, 2\u00e8me semestre<\/a><\/h2><\/header><div class=\"eael-entry-content\">\n                        <div class=\"eael-grid-post-excerpt\"><a href=\"https:\/\/kabellion.net\/index.php\/2024\/09\/17\/09-2024-bulletin-patrimoine-culture-2eme-semestre\/\" class=\"eael-post-elements-readmore-btn\">Lire l'article<\/a><\/div>\n                    <\/div><\/div><\/div>\n        <\/div>\n    <\/article><article class=\"eael-grid-post  eael-post-grid-column eael-pg-post-756 category-evenements\" data-id=\"756\">\n        <div class=\"eael-grid-post-holder\">\n            <div class=\"eael-grid-post-holder-inner\"><div class=\"eael-entry-media\"><div class=\"eael-entry-overlay fade-in\"><i class=\"fas fa-long-arrow-alt-right\" aria-hidden=\"true\"><\/i><a href=\"https:\/\/kabellion.net\/index.php\/2024\/05\/21\/12-05-2024-exposition-temporaire\/\"><\/a><\/div><div class=\"eael-entry-thumbnail \">\n                <img loading=\"lazy\" decoding=\"async\" width=\"1024\" height=\"768\" src=\"https:\/\/kabellion.net\/wp-content\/uploads\/2024\/05\/PXL_20240512_083800733.MP_-1024x768.jpg\" class=\"attachment-large size-large wp-image-757\" alt=\"\" srcset=\"https:\/\/kabellion.net\/wp-content\/uploads\/2024\/05\/PXL_20240512_083800733.MP_-1024x768.jpg 1024w, https:\/\/kabellion.net\/wp-content\/uploads\/2024\/05\/PXL_20240512_083800733.MP_-300x225.jpg 300w, https:\/\/kabellion.net\/wp-content\/uploads\/2024\/05\/PXL_20240512_083800733.MP_-768x576.jpg 768w, https:\/\/kabellion.net\/wp-content\/uploads\/2024\/05\/PXL_20240512_083800733.MP_-1536x1152.jpg 1536w, https:\/\/kabellion.net\/wp-content\/uploads\/2024\/05\/PXL_20240512_083800733.MP_.jpg 2048w\" sizes=\"(max-width: 1024px) 100vw, 1024px\" \/>\n            <\/div>\n        <\/div><div class=\"eael-entry-wrapper\"><header class=\"eael-entry-header\"><h2 class=\"eael-entry-title\"><a class=\"eael-grid-post-link\" href=\"https:\/\/kabellion.net\/index.php\/2024\/05\/21\/12-05-2024-exposition-temporaire\/\" title=\"12\/05\/2024 &#8211; Exposition temporaire \u00ab\u00a0Achille et la guerre de Troie\u00a0\u00bb\">12\/05\/2024 &#8211; Exposition temporaire \u00ab\u00a0Achille et la guerre de Troie\u00a0\u00bb<\/a><\/h2><\/header><div class=\"eael-entry-content\">\n                        <div class=\"eael-grid-post-excerpt\"><a href=\"https:\/\/kabellion.net\/index.php\/2024\/05\/21\/12-05-2024-exposition-temporaire\/\" class=\"eael-post-elements-readmore-btn\">Lire l'article<\/a><\/div>\n                    <\/div><\/div><\/div>\n        <\/div>\n    <\/article><article class=\"eael-grid-post  eael-post-grid-column eael-pg-post-686 category-evenements\" data-id=\"686\">\n        <div class=\"eael-grid-post-holder\">\n            <div class=\"eael-grid-post-holder-inner\"><div class=\"eael-entry-media\"><div class=\"eael-entry-overlay fade-in\"><i class=\"fas fa-long-arrow-alt-right\" aria-hidden=\"true\"><\/i><a href=\"https:\/\/kabellion.net\/index.php\/2024\/04\/14\/14-04-2024-abbaye-saint-andre\/\"><\/a><\/div><div class=\"eael-entry-thumbnail \">\n                <img loading=\"lazy\" decoding=\"async\" width=\"1024\" height=\"768\" src=\"https:\/\/kabellion.net\/wp-content\/uploads\/2024\/05\/abbaye-Saint-Andre11-1024x768.jpg\" class=\"attachment-large size-large wp-image-696\" alt=\"\" srcset=\"https:\/\/kabellion.net\/wp-content\/uploads\/2024\/05\/abbaye-Saint-Andre11-1024x768.jpg 1024w, https:\/\/kabellion.net\/wp-content\/uploads\/2024\/05\/abbaye-Saint-Andre11-300x225.jpg 300w, https:\/\/kabellion.net\/wp-content\/uploads\/2024\/05\/abbaye-Saint-Andre11-768x576.jpg 768w, https:\/\/kabellion.net\/wp-content\/uploads\/2024\/05\/abbaye-Saint-Andre11-1536x1152.jpg 1536w, https:\/\/kabellion.net\/wp-content\/uploads\/2024\/05\/abbaye-Saint-Andre11.jpg 2048w\" sizes=\"(max-width: 1024px) 100vw, 1024px\" \/>\n            <\/div>\n        <\/div><div class=\"eael-entry-wrapper\"><header class=\"eael-entry-header\"><h2 class=\"eael-entry-title\"><a class=\"eael-grid-post-link\" href=\"https:\/\/kabellion.net\/index.php\/2024\/04\/14\/14-04-2024-abbaye-saint-andre\/\" title=\"14\/04\/2024 &#8211; Abbaye Saint-Andr\u00e9 \u00e0 Villeneuve-l\u00e8s-Avignon\">14\/04\/2024 &#8211; Abbaye Saint-Andr\u00e9 \u00e0 Villeneuve-l\u00e8s-Avignon<\/a><\/h2><\/header><div class=\"eael-entry-content\">\n                        <div class=\"eael-grid-post-excerpt\"><a href=\"https:\/\/kabellion.net\/index.php\/2024\/04\/14\/14-04-2024-abbaye-saint-andre\/\" class=\"eael-post-elements-readmore-btn\">Lire l'article<\/a><\/div>\n                    <\/div><\/div><\/div>\n        <\/div>\n    <\/article><article class=\"eael-grid-post  eael-post-grid-column eael-pg-post-650 category-evenements\" data-id=\"650\">\n        <div class=\"eael-grid-post-holder\">\n            <div class=\"eael-grid-post-holder-inner\"><div class=\"eael-entry-media\"><div class=\"eael-entry-overlay fade-in\"><i class=\"fas fa-long-arrow-alt-right\" aria-hidden=\"true\"><\/i><a href=\"https:\/\/kabellion.net\/index.php\/2024\/03\/23\/23-03-2024-jean-henri-fabre\/\"><\/a><\/div><div class=\"eael-entry-thumbnail \">\n                <img loading=\"lazy\" decoding=\"async\" width=\"1024\" height=\"768\" src=\"https:\/\/kabellion.net\/wp-content\/uploads\/2024\/03\/jean-henri-fabre-1024x768.jpeg\" class=\"attachment-large size-large wp-image-659\" alt=\"\" srcset=\"https:\/\/kabellion.net\/wp-content\/uploads\/2024\/03\/jean-henri-fabre-1024x768.jpeg 1024w, https:\/\/kabellion.net\/wp-content\/uploads\/2024\/03\/jean-henri-fabre-300x225.jpeg 300w, https:\/\/kabellion.net\/wp-content\/uploads\/2024\/03\/jean-henri-fabre-768x576.jpeg 768w, https:\/\/kabellion.net\/wp-content\/uploads\/2024\/03\/jean-henri-fabre-1536x1152.jpeg 1536w, https:\/\/kabellion.net\/wp-content\/uploads\/2024\/03\/jean-henri-fabre-2048x1536.jpeg 2048w\" sizes=\"(max-width: 1024px) 100vw, 1024px\" \/>\n            <\/div>\n        <\/div><div class=\"eael-entry-wrapper\"><header class=\"eael-entry-header\"><h2 class=\"eael-entry-title\"><a class=\"eael-grid-post-link\" href=\"https:\/\/kabellion.net\/index.php\/2024\/03\/23\/23-03-2024-jean-henri-fabre\/\" title=\"23\/03\/2024 &#8211; Jean-Henri Fabre\">23\/03\/2024 &#8211; Jean-Henri Fabre<\/a><\/h2><\/header><div class=\"eael-entry-content\">\n                        <div class=\"eael-grid-post-excerpt\"><a href=\"https:\/\/kabellion.net\/index.php\/2024\/03\/23\/23-03-2024-jean-henri-fabre\/\" class=\"eael-post-elements-readmore-btn\">Lire l'article<\/a><\/div>\n                    <\/div><\/div><\/div>\n        <\/div>\n    <\/article><\/div>\n            <div class=\"clearfix\"><\/div>\n        <\/div>            <div class=\"eael-load-more-button-wrap\">\n                <button class=\"eael-load-more-button\" id=\"eael-load-more-btn-ba175ef\" data-widget-id=\"ba175ef\" data-widget=\"ba175ef\" data-page-id=\"560\" data-template=\"{&quot;dir&quot;:&quot;lite&quot;,&quot;file_name&quot;:&quot;one.php&quot;,&quot;name&quot;:&quot;Post-Grid&quot;}\" data-class=\"Essential_Addons_Elementor\\Elements\\Post_Grid\" data-layout=\"grid\" data-page=\"1\" data-args=\"orderby=date&amp;order=desc&amp;ignore_sticky_posts=1&amp;post_status=publish&amp;posts_per_page=9&amp;offset=0&amp;post_type=post\" data-max-page=\"2\">\n                    <span class=\"eael-btn-loader button__loader\"><\/span>\n                    <span class=\"eael_load_more_text\">Lire plus<\/span>\n                <\/button>\n            <\/div>\n            \t\t\t\t<\/div>\n\t\t\t\t<\/div>\n\t\t\t\t\t<\/div>\n\t\t<\/div>\n\t\t\t\t\t<\/div>\n\t\t<\/section>\n\t\t\t\t<section class=\"elementor-section elementor-top-section elementor-element elementor-element-263b972 elementor-section-boxed elementor-section-height-default elementor-section-height-default\" data-id=\"263b972\" data-element_type=\"section\" data-e-type=\"section\">\n\t\t\t\t\t\t<div class=\"elementor-container elementor-column-gap-default\">\n\t\t\t\t\t<div class=\"elementor-column elementor-col-100 elementor-top-column elementor-element elementor-element-bcdda4f\" data-id=\"bcdda4f\" data-element_type=\"column\" data-e-type=\"column\">\n\t\t\t<div class=\"elementor-widget-wrap elementor-element-populated\">\n\t\t\t\t\t\t<div class=\"elementor-element elementor-element-d13d04d elementor-widget elementor-widget-spacer\" data-id=\"d13d04d\" data-element_type=\"widget\" data-e-type=\"widget\" data-widget_type=\"spacer.default\">\n\t\t\t\t<div class=\"elementor-widget-container\">\n\t\t\t\t\t\t\t<div class=\"elementor-spacer\">\n\t\t\t<div class=\"elementor-spacer-inner\"><\/div>\n\t\t<\/div>\n\t\t\t\t\t\t<\/div>\n\t\t\t\t<\/div>\n\t\t\t\t\t<\/div>\n\t\t<\/div>\n\t\t\t\t\t<\/div>\n\t\t<\/section>\n\t\t\t\t<\/div>\n\t\t","protected":false},"excerpt":{"rendered":"<p>Conf\u00e9rences et visites pass\u00e9es 15\/09\/2024 &#8211; Le ch\u00e2teau d&rsquo;Avignon en Camargue Lire l&rsquo;article 25\/08\/2024 &#8211; Exposition : Peintre Jean Daret Lire l&rsquo;article 18\/08\/2024 &#8211; Les flutistes de Vienne Lire l&rsquo;article 09\/2024 &#8211; Bulletin \u00ab\u00a0Patrimoine &amp; Culture\u00a0\u00bb, 2\u00e8me semestre Lire l&rsquo;article 12\/05\/2024 &#8211; Exposition temporaire \u00ab\u00a0Achille et la guerre de Troie\u00a0\u00bb Lire l&rsquo;article 14\/04\/2024 &#8211; Abbaye [&hellip;]<\/p>\n","protected":false},"author":1,"featured_media":0,"parent":0,"menu_order":0,"comment_status":"closed","ping_status":"closed","template":"","meta":{"site-sidebar-layout":"no-sidebar","site-content-layout":"","ast-site-content-layout":"full-width-container","site-content-style":"default","site-sidebar-style":"default","ast-global-header-display":"","ast-banner-title-visibility":"","ast-main-header-display":"","ast-hfb-above-header-display":"","ast-hfb-below-header-display":"","ast-hfb-mobile-header-display":"","site-post-title":"disabled","ast-breadcrumbs-content":"","ast-featured-img":"disabled","footer-sml-layout":"","ast-disable-related-posts":"","theme-transparent-header-meta":"","adv-header-id-meta":"","stick-header-meta":"","header-above-stick-meta":"","header-main-stick-meta":"","header-below-stick-meta":"","astra-migrate-meta-layouts":"default","ast-page-background-enabled":"default","ast-page-background-meta":{"desktop":{"background-color":"var(--ast-global-color-4)","background-image":"","background-repeat":"repeat","background-position":"center center","background-size":"auto","background-attachment":"scroll","background-type":"","background-media":"","overlay-type":"","overlay-color":"","overlay-opacity":"","overlay-gradient":""},"tablet":{"background-color":"","background-image":"","background-repeat":"repeat","background-position":"center center","background-size":"auto","background-attachment":"scroll","background-type":"","background-media":"","overlay-type":"","overlay-color":"","overlay-opacity":"","overlay-gradient":""},"mobile":{"background-color":"","background-image":"","background-repeat":"repeat","background-position":"center center","background-size":"auto","background-attachment":"scroll","background-type":"","background-media":"","overlay-type":"","overlay-color":"","overlay-opacity":"","overlay-gradient":""}},"ast-content-background-meta":{"desktop":{"background-color":"var(--ast-global-color-5)","background-image":"","background-repeat":"repeat","background-position":"center center","background-size":"auto","background-attachment":"scroll","background-type":"","background-media":"","overlay-type":"","overlay-color":"","overlay-opacity":"","overlay-gradient":""},"tablet":{"background-color":"var(--ast-global-color-5)","background-image":"","background-repeat":"repeat","background-position":"center center","background-size":"auto","background-attachment":"scroll","background-type":"","background-media":"","overlay-type":"","overlay-color":"","overlay-opacity":"","overlay-gradient":""},"mobile":{"background-color":"var(--ast-global-color-5)","background-image":"","background-repeat":"repeat","background-position":"center center","background-size":"auto","background-attachment":"scroll","background-type":"","background-media":"","overlay-type":"","overlay-color":"","overlay-opacity":"","overlay-gradient":""}},"footnotes":""},"class_list":["post-560","page","type-page","status-publish","hentry"],"yoast_head":"<!-- This site is optimized with the Yoast SEO plugin v27.1.1 - https:\/\/yoast.com\/product\/yoast-seo-wordpress\/ -->\n<title>Articles - kabellion<\/title>\n<meta name=\"robots\" content=\"index, follow, max-snippet:-1, max-image-preview:large, max-video-preview:-1\" \/>\n<link rel=\"canonical\" href=\"https:\/\/kabellion.net\/index.php\/articles\/\" \/>\n<meta property=\"og:locale\" content=\"fr_FR\" \/>\n<meta property=\"og:type\" content=\"article\" \/>\n<meta property=\"og:title\" content=\"Articles - kabellion\" \/>\n<meta property=\"og:description\" content=\"Conf\u00e9rences et visites pass\u00e9es 15\/09\/2024 &#8211; Le ch\u00e2teau d&rsquo;Avignon en Camargue Lire l&rsquo;article 25\/08\/2024 &#8211; Exposition : Peintre Jean Daret Lire l&rsquo;article 18\/08\/2024 &#8211; Les flutistes de Vienne Lire l&rsquo;article 09\/2024 &#8211; Bulletin \u00ab\u00a0Patrimoine &amp; Culture\u00a0\u00bb, 2\u00e8me semestre Lire l&rsquo;article 12\/05\/2024 &#8211; Exposition temporaire \u00ab\u00a0Achille et la guerre de Troie\u00a0\u00bb Lire l&rsquo;article 14\/04\/2024 &#8211; Abbaye [&hellip;]\" \/>\n<meta property=\"og:url\" content=\"https:\/\/kabellion.net\/index.php\/articles\/\" \/>\n<meta property=\"og:site_name\" content=\"kabellion\" \/>\n<meta property=\"article:modified_time\" content=\"2025-09-11T09:39:51+00:00\" \/>\n<meta property=\"og:image\" content=\"https:\/\/kabellion.net\/wp-content\/uploads\/2024\/09\/visite-du-chateau-davignon-en-camargue.png\" \/>\n\t<meta property=\"og:image:width\" content=\"4000\" \/>\n\t<meta property=\"og:image:height\" content=\"3000\" \/>\n\t<meta property=\"og:image:type\" content=\"image\/png\" \/>\n<meta name=\"twitter:card\" content=\"summary_large_image\" \/>\n<meta name=\"twitter:label1\" content=\"Dur\u00e9e de lecture estim\u00e9e\" \/>\n\t<meta name=\"twitter:data1\" content=\"3 minutes\" \/>\n<script type=\"application\/ld+json\" class=\"yoast-schema-graph\">{\"@context\":\"https:\/\/schema.org\",\"@graph\":[{\"@type\":\"WebPage\",\"@id\":\"https:\/\/kabellion.net\/index.php\/articles\/\",\"url\":\"https:\/\/kabellion.net\/index.php\/articles\/\",\"name\":\"Articles - kabellion\",\"isPartOf\":{\"@id\":\"https:\/\/kabellion.net\/#website\"},\"primaryImageOfPage\":{\"@id\":\"https:\/\/kabellion.net\/index.php\/articles\/#primaryimage\"},\"image\":{\"@id\":\"https:\/\/kabellion.net\/index.php\/articles\/#primaryimage\"},\"thumbnailUrl\":\"https:\/\/kabellion.net\/wp-content\/uploads\/2024\/09\/visite-du-chateau-davignon-en-camargue.png\",\"datePublished\":\"2024-03-29T14:04:01+00:00\",\"dateModified\":\"2025-09-11T09:39:51+00:00\",\"breadcrumb\":{\"@id\":\"https:\/\/kabellion.net\/index.php\/articles\/#breadcrumb\"},\"inLanguage\":\"fr-FR\",\"potentialAction\":[{\"@type\":\"ReadAction\",\"target\":[\"https:\/\/kabellion.net\/index.php\/articles\/\"]}]},{\"@type\":\"ImageObject\",\"inLanguage\":\"fr-FR\",\"@id\":\"https:\/\/kabellion.net\/index.php\/articles\/#primaryimage\",\"url\":\"https:\/\/kabellion.net\/wp-content\/uploads\/2024\/09\/visite-du-chateau-davignon-en-camargue.png\",\"contentUrl\":\"https:\/\/kabellion.net\/wp-content\/uploads\/2024\/09\/visite-du-chateau-davignon-en-camargue.png\",\"width\":4000,\"height\":3000,\"caption\":\"visite du cha\u0302teau d'avignon en camargue\"},{\"@type\":\"BreadcrumbList\",\"@id\":\"https:\/\/kabellion.net\/index.php\/articles\/#breadcrumb\",\"itemListElement\":[{\"@type\":\"ListItem\",\"position\":1,\"name\":\"Accueil\",\"item\":\"https:\/\/kabellion.net\/\"},{\"@type\":\"ListItem\",\"position\":2,\"name\":\"Articles\"}]},{\"@type\":\"WebSite\",\"@id\":\"https:\/\/kabellion.net\/#website\",\"url\":\"https:\/\/kabellion.net\/\",\"name\":\"kabellion\",\"description\":\"Kabellion Histoire &amp; patrimoine de Cavaillon\",\"publisher\":{\"@id\":\"https:\/\/kabellion.net\/#organization\"},\"potentialAction\":[{\"@type\":\"SearchAction\",\"target\":{\"@type\":\"EntryPoint\",\"urlTemplate\":\"https:\/\/kabellion.net\/?s={search_term_string}\"},\"query-input\":{\"@type\":\"PropertyValueSpecification\",\"valueRequired\":true,\"valueName\":\"search_term_string\"}}],\"inLanguage\":\"fr-FR\"},{\"@type\":\"Organization\",\"@id\":\"https:\/\/kabellion.net\/#organization\",\"name\":\"kabellion\",\"url\":\"https:\/\/kabellion.net\/\",\"logo\":{\"@type\":\"ImageObject\",\"inLanguage\":\"fr-FR\",\"@id\":\"https:\/\/kabellion.net\/#\/schema\/logo\/image\/\",\"url\":\"https:\/\/kabellion.net\/wp-content\/uploads\/2023\/10\/Logo-Kabellion.jpeg\",\"contentUrl\":\"https:\/\/kabellion.net\/wp-content\/uploads\/2023\/10\/Logo-Kabellion.jpeg\",\"width\":843,\"height\":363,\"caption\":\"kabellion\"},\"image\":{\"@id\":\"https:\/\/kabellion.net\/#\/schema\/logo\/image\/\"}}]}<\/script>\n<!-- \/ Yoast SEO plugin. -->","yoast_head_json":{"title":"Articles - kabellion","robots":{"index":"index","follow":"follow","max-snippet":"max-snippet:-1","max-image-preview":"max-image-preview:large","max-video-preview":"max-video-preview:-1"},"canonical":"https:\/\/kabellion.net\/index.php\/articles\/","og_locale":"fr_FR","og_type":"article","og_title":"Articles - kabellion","og_description":"Conf\u00e9rences et visites pass\u00e9es 15\/09\/2024 &#8211; Le ch\u00e2teau d&rsquo;Avignon en Camargue Lire l&rsquo;article 25\/08\/2024 &#8211; Exposition : Peintre Jean Daret Lire l&rsquo;article 18\/08\/2024 &#8211; Les flutistes de Vienne Lire l&rsquo;article 09\/2024 &#8211; Bulletin \u00ab\u00a0Patrimoine &amp; Culture\u00a0\u00bb, 2\u00e8me semestre Lire l&rsquo;article 12\/05\/2024 &#8211; Exposition temporaire \u00ab\u00a0Achille et la guerre de Troie\u00a0\u00bb Lire l&rsquo;article 14\/04\/2024 &#8211; Abbaye [&hellip;]","og_url":"https:\/\/kabellion.net\/index.php\/articles\/","og_site_name":"kabellion","article_modified_time":"2025-09-11T09:39:51+00:00","og_image":[{"width":4000,"height":3000,"url":"https:\/\/kabellion.net\/wp-content\/uploads\/2024\/09\/visite-du-chateau-davignon-en-camargue.png","type":"image\/png"}],"twitter_card":"summary_large_image","twitter_misc":{"Dur\u00e9e de lecture estim\u00e9e":"3 minutes"},"schema":{"@context":"https:\/\/schema.org","@graph":[{"@type":"WebPage","@id":"https:\/\/kabellion.net\/index.php\/articles\/","url":"https:\/\/kabellion.net\/index.php\/articles\/","name":"Articles - kabellion","isPartOf":{"@id":"https:\/\/kabellion.net\/#website"},"primaryImageOfPage":{"@id":"https:\/\/kabellion.net\/index.php\/articles\/#primaryimage"},"image":{"@id":"https:\/\/kabellion.net\/index.php\/articles\/#primaryimage"},"thumbnailUrl":"https:\/\/kabellion.net\/wp-content\/uploads\/2024\/09\/visite-du-chateau-davignon-en-camargue.png","datePublished":"2024-03-29T14:04:01+00:00","dateModified":"2025-09-11T09:39:51+00:00","breadcrumb":{"@id":"https:\/\/kabellion.net\/index.php\/articles\/#breadcrumb"},"inLanguage":"fr-FR","potentialAction":[{"@type":"ReadAction","target":["https:\/\/kabellion.net\/index.php\/articles\/"]}]},{"@type":"ImageObject","inLanguage":"fr-FR","@id":"https:\/\/kabellion.net\/index.php\/articles\/#primaryimage","url":"https:\/\/kabellion.net\/wp-content\/uploads\/2024\/09\/visite-du-chateau-davignon-en-camargue.png","contentUrl":"https:\/\/kabellion.net\/wp-content\/uploads\/2024\/09\/visite-du-chateau-davignon-en-camargue.png","width":4000,"height":3000,"caption":"visite du cha\u0302teau d'avignon en camargue"},{"@type":"BreadcrumbList","@id":"https:\/\/kabellion.net\/index.php\/articles\/#breadcrumb","itemListElement":[{"@type":"ListItem","position":1,"name":"Accueil","item":"https:\/\/kabellion.net\/"},{"@type":"ListItem","position":2,"name":"Articles"}]},{"@type":"WebSite","@id":"https:\/\/kabellion.net\/#website","url":"https:\/\/kabellion.net\/","name":"kabellion","description":"Kabellion Histoire &amp; patrimoine de Cavaillon","publisher":{"@id":"https:\/\/kabellion.net\/#organization"},"potentialAction":[{"@type":"SearchAction","target":{"@type":"EntryPoint","urlTemplate":"https:\/\/kabellion.net\/?s={search_term_string}"},"query-input":{"@type":"PropertyValueSpecification","valueRequired":true,"valueName":"search_term_string"}}],"inLanguage":"fr-FR"},{"@type":"Organization","@id":"https:\/\/kabellion.net\/#organization","name":"kabellion","url":"https:\/\/kabellion.net\/","logo":{"@type":"ImageObject","inLanguage":"fr-FR","@id":"https:\/\/kabellion.net\/#\/schema\/logo\/image\/","url":"https:\/\/kabellion.net\/wp-content\/uploads\/2023\/10\/Logo-Kabellion.jpeg","contentUrl":"https:\/\/kabellion.net\/wp-content\/uploads\/2023\/10\/Logo-Kabellion.jpeg","width":843,"height":363,"caption":"kabellion"},"image":{"@id":"https:\/\/kabellion.net\/#\/schema\/logo\/image\/"}}]}},"_links":{"self":[{"href":"https:\/\/kabellion.net\/index.php\/wp-json\/wp\/v2\/pages\/560","targetHints":{"allow":["GET"]}}],"collection":[{"href":"https:\/\/kabellion.net\/index.php\/wp-json\/wp\/v2\/pages"}],"about":[{"href":"https:\/\/kabellion.net\/index.php\/wp-json\/wp\/v2\/types\/page"}],"author":[{"embeddable":true,"href":"https:\/\/kabellion.net\/index.php\/wp-json\/wp\/v2\/users\/1"}],"replies":[{"embeddable":true,"href":"https:\/\/kabellion.net\/index.php\/wp-json\/wp\/v2\/comments?post=560"}],"version-history":[{"count":13,"href":"https:\/\/kabellion.net\/index.php\/wp-json\/wp\/v2\/pages\/560\/revisions"}],"predecessor-version":[{"id":1263,"href":"https:\/\/kabellion.net\/index.php\/wp-json\/wp\/v2\/pages\/560\/revisions\/1263"}],"wp:attachment":[{"href":"https:\/\/kabellion.net\/index.php\/wp-json\/wp\/v2\/media?parent=560"}],"curies":[{"name":"wp","href":"https:\/\/api.w.org\/{rel}","templated":true}]}}